{"id":162,"date":"2023-04-11T17:55:33","date_gmt":"2023-04-11T14:55:33","guid":{"rendered":"https:\/\/ambvilnius.esteri.it\/chi-siamo\/la-sede\/"},"modified":"2025-01-07T09:07:11","modified_gmt":"2025-01-07T07:07:11","slug":"la-sede","status":"publish","type":"page","link":"https:\/\/ambvilnius.esteri.it\/lt\/chi-siamo\/la-sede\/","title":{"rendered":"B\u016bstin\u0117"},"content":{"rendered":"<p style=\"text-align: justify;\" data-sourcepos=\"12:1-12:447\">Pastatas, kuriame yra \u012fsik\u016brusi Italijos ambasada, buvo pastatytas 1901 metais ir yra centrin\u0117je miesto dalyje, \u0160nipi\u0161ki\u0173 rajone. Eleganti\u0161kas keturi\u0173 auk\u0161t\u0173 pastatas stovi prie Neries up\u0117s ir i\u0161 jo atsiveria vaizdas \u012f Gedimino pil\u012f bei Katedros aik\u0161t\u0119. \u0160is neoklasikinio stiliaus saugomas architekt\u016bros paminklas anks\u010diau buvo elektros energijos bendrov\u0117s b\u016bstin\u0117, v\u0117liau buvo paverstas vie\u0161bu\u010diu ir per t\u0105 laik\u0105 buvo kelis kartus rekonstruotas.<\/p>\n<p style=\"text-align: justify;\" data-sourcepos=\"14:1-14:546\">Pastat\u0105, tik\u0117tina, projektavo architektas Boleslovas Balzukevi\u010dius. Pastatas i\u0161siskiria auk\u0161ta bok\u0161tu, kuriame yra skulpt\u016bra \u201eElektra\u201c, taip pat sukurta Balzukevi\u010diaus 1906 metais. Tai pirmoji monumentali Vilniaus skulpt\u016bra, neturinti religin\u0117s ar politin\u0117s reik\u0161m\u0117s. Statula vaizduoja moter\u012f su lauro vainiku ant galvos, de\u0161in\u0117je rankoje laikanti elektrin\u012f \u017eibint\u0105. Elektra kair\u0119 rank\u0105 i\u0161tiesia \u012f vir\u0161\u0173, simbolizuodama \u012f\u017eengim\u0105 \u012f nauj\u0105 \u0161viesos er\u0105. Prie jos koj\u0173 guli \u017eibintininkas, u\u017esideng\u0119s akis kaire ranka ir bandantis numesti silpn\u0105 degl\u0105.<\/p>\n<p style=\"text-align: justify;\" data-sourcepos=\"16:1-16:248\">Statula buvo sunaikinta 1957 metais sovietin\u0117s okupacijos metu, ta\u010diau 1994 metais skulptorius Petras Maz\u016bras j\u0105 atstat\u0117 pagal originalius br\u0117\u017einius. Tuo metu buvo paplitusi liaudi\u0161ka patarl\u0117, kad i\u0161didus \u017emogus buvo lyginamas su \u201eElektra\u201c fig\u016bra.&#8221;<\/p>\n<p>&nbsp;<\/p>\n<p>Italijos ambasada Vilniuje<\/p>\n<p>\u017dvej\u0173 g. 14A, Vilnius LT09310<\/p>\n<p>&nbsp;<\/p>\n","protected":false},"excerpt":{"rendered":"Pastatas, kuriame yra \u012fsik\u016brusi Italijos ambasada, buvo pastatytas 1901 metais ir yra centrin\u0117je miesto dalyje, \u0160nipi\u0161ki\u0173 rajone. Eleganti\u0161kas keturi\u0173 auk\u0161t\u0173 pastatas stovi prie Neries up\u0117s ir i\u0161 jo atsiveria vaizdas \u012f Gedimino pil\u012f bei Katedros aik\u0161t\u0119. \u0160is neoklasikinio stiliaus saugomas architekt\u016bros paminklas anks\u010diau buvo elektros energijos bendrov\u0117s b\u016bstin\u0117, v\u0117liau buvo paverstas vie\u0161bu\u010diu ir per t\u0105 [&hellip;]","protected":false},"author":1,"featured_media":0,"parent":154,"menu_order":2,"comment_status":"closed","ping_status":"closed","template":"","meta":{"footnotes":""},"class_list":["post-162","page","type-page","status-publish","hentry"],"_links":{"self":[{"href":"https:\/\/ambvilnius.esteri.it\/lt\/wp-json\/wp\/v2\/pages\/162","targetHints":{"allow":["GET"]}}],"collection":[{"href":"https:\/\/ambvilnius.esteri.it\/lt\/wp-json\/wp\/v2\/pages"}],"about":[{"href":"https:\/\/ambvilnius.esteri.it\/lt\/wp-json\/wp\/v2\/types\/page"}],"author":[{"embeddable":true,"href":"https:\/\/ambvilnius.esteri.it\/lt\/wp-json\/wp\/v2\/users\/1"}],"replies":[{"embeddable":true,"href":"https:\/\/ambvilnius.esteri.it\/lt\/wp-json\/wp\/v2\/comments?post=162"}],"version-history":[{"count":3,"href":"https:\/\/ambvilnius.esteri.it\/lt\/wp-json\/wp\/v2\/pages\/162\/revisions"}],"predecessor-version":[{"id":1554,"href":"https:\/\/ambvilnius.esteri.it\/lt\/wp-json\/wp\/v2\/pages\/162\/revisions\/1554"}],"up":[{"embeddable":true,"href":"https:\/\/ambvilnius.esteri.it\/lt\/wp-json\/wp\/v2\/pages\/154"}],"wp:attachment":[{"href":"https:\/\/ambvilnius.esteri.it\/lt\/wp-json\/wp\/v2\/media?parent=162"}],"curies":[{"name":"wp","href":"https:\/\/api.w.org\/{rel}","templated":true}]}}