{"id":157,"date":"2023-09-12T10:40:47","date_gmt":"2023-09-12T07:40:47","guid":{"rendered":"https:\/\/ambvilnius.esteri.it\/chi-siamo\/contatti\/"},"modified":"2026-01-30T15:06:50","modified_gmt":"2026-01-30T13:06:50","slug":"contatti","status":"publish","type":"page","link":"https:\/\/ambvilnius.esteri.it\/lt\/chi-siamo\/contatti\/","title":{"rendered":"Kontaktai"},"content":{"rendered":"<ul>\n<li>AMBASADORIUS \u2013 Emanuele de Maigret: <a href=\"mailto:ambasciata.vilnius@esteri.it\">ambasciata.vilnius@esteri.it<\/a><\/li>\n<li>MISIJOS VADOVO PAVADUOTOJA \u2013 Alice Barberis: <a href=\"mailto:ambasciata.vilnius@esteri.it\">ambasciata.vilnius@esteri.it<\/a><\/li>\n<li>GYNYBOS ATA\u0160\u0116 BALTIJOS \u0160ALIMS \u2013 Col. Giovanni Trebisonda (Italijos ambasada Taline)<\/li>\n<li>FINANS\u0172 POLICIJOS ATA\u0160\u0116 \u2013 Col. Giacomo Scili Bellomo<\/li>\n<li>POLICIJOS ATA\u0160\u0116 \u2013 Ten. Col. CC Stefano Saccocci<\/li>\n<li>KONSULIN\u0116 \u012eSTAIGA \u2013 Kristaps Jerums: <a href=\"mailto:consolare.vilnius@esteri.it\">consolare.vilnius@esteri.it<\/a><\/li>\n<li>ADIMINSTRACIJOS SKYRIUS \u2013 Natalia Kremko: <a class=\"focus--mouse\" href=\"natalia.kremko@esteri.it\" data-focus-mouse=\"true\">natalia.kremko@esteri.it<\/a><\/li>\n<li>EKONOMIKOS IR KOMERCIJOS SKYRIUS: <a href=\"mailto:commerciale.vilnius@esteri.it\">commerciale.vilnius@esteri.it<\/a><\/li>\n<li>AMBASADORIAUS SEKRETORIATAS: <a class=\"focus--mouse\" href=\"mailto:ambasciata.vilnius@esteri.it\" data-focus-mouse=\"true\">ambasciata.vilnius@esteri.it<\/a><\/li>\n<li>BENDRA INFORMACIJA: <a class=\"focus--mouse\" href=\"mailto:vilnius.centralino@esteri.it\" data-focus-mouse=\"true\">vilnius.centralino@esteri.it<\/a><\/li>\n<\/ul>\n<p>Adresas: \u017dvej\u0173 g. 14a, LT-09310 Vilnius<\/p>\n<p>Tel. +370 52120620\/1\/2, Faksas +370 52120405<\/p>\n<p><a href=\"mailto:ambasciata.vilnius@esteri.it\">ambasciata.vilnius@esteri.it<\/a><\/p>\n<p><a href=\"mailto:amb.vilnius@cert.esteri.it\">amb.vilnius@cert.esteri.it<\/a>, <a href=\"mailto:amb.vilnius.pass@cert.esteri.it\">amb.vilnius.pass@cert.esteri.it<\/a> (tik sertifikuotiems elektroniniams lai\u0161kams (PEC) gauti).<\/p>\n<p>&nbsp;<\/p>\n<p>ITALIJOS KULT\u016aROS INSTITUTO VILNIUJE DARBUOTOJAI<\/p>\n<ul>\n<li>Daiva Vitkauskait\u0117<\/li>\n<li>Jurgita Sviderskien\u0117<\/li>\n<li>Giedr\u0117 Bagd\u017ei\u016bnait\u0117<\/li>\n<\/ul>\n<p>Universiteto g. 4, LT-01122 Vilnius<\/p>\n<p>Tel. +370 5 2611076\/7<\/p>\n<p><a href=\"mailto:iicvilnius@esteri.it\">iicvilnius@esteri.it<\/a><\/p>\n<p><a href=\"http:\/\/www.iicvilnius.esteri.it\">www.iicvilnius.esteri.it<\/a><\/p>\n<p>&nbsp;<\/p>\n<p>ITALIAN TRADE AGENCY ATSTOVAS VILNIUJE<\/p>\n<p>Sandra\u00a0 Pla\u010denyt\u0117<\/p>\n<p><a href=\"mailto:s.placenyte.ext@ice.it\">s.placenyte.ext@ice.it<\/a><\/p>\n<p>Tel. +370 52120620\/1\/2<\/p>\n<p>&nbsp;<\/p>\n","protected":false},"excerpt":{"rendered":"AMBASADORIUS \u2013 Emanuele de Maigret: ambasciata.vilnius@esteri.it MISIJOS VADOVO PAVADUOTOJA \u2013 Alice Barberis: ambasciata.vilnius@esteri.it GYNYBOS ATA\u0160\u0116 BALTIJOS \u0160ALIMS \u2013 Col. Giovanni Trebisonda (Italijos ambasada Taline) FINANS\u0172 POLICIJOS ATA\u0160\u0116 \u2013 Col. Giacomo Scili Bellomo POLICIJOS ATA\u0160\u0116 \u2013 Ten. Col. CC Stefano Saccocci KONSULIN\u0116 \u012eSTAIGA \u2013 Kristaps Jerums: consolare.vilnius@esteri.it ADIMINSTRACIJOS SKYRIUS \u2013 Natalia Kremko: natalia.kremko@esteri.it EKONOMIKOS IR KOMERCIJOS [&hellip;]","protected":false},"author":1,"featured_media":0,"parent":154,"menu_order":4,"comment_status":"closed","ping_status":"closed","template":"","meta":{"footnotes":""},"class_list":["post-157","page","type-page","status-publish","hentry"],"_links":{"self":[{"href":"https:\/\/ambvilnius.esteri.it\/lt\/wp-json\/wp\/v2\/pages\/157","targetHints":{"allow":["GET"]}}],"collection":[{"href":"https:\/\/ambvilnius.esteri.it\/lt\/wp-json\/wp\/v2\/pages"}],"about":[{"href":"https:\/\/ambvilnius.esteri.it\/lt\/wp-json\/wp\/v2\/types\/page"}],"author":[{"embeddable":true,"href":"https:\/\/ambvilnius.esteri.it\/lt\/wp-json\/wp\/v2\/users\/1"}],"replies":[{"embeddable":true,"href":"https:\/\/ambvilnius.esteri.it\/lt\/wp-json\/wp\/v2\/comments?post=157"}],"version-history":[{"count":6,"href":"https:\/\/ambvilnius.esteri.it\/lt\/wp-json\/wp\/v2\/pages\/157\/revisions"}],"predecessor-version":[{"id":1901,"href":"https:\/\/ambvilnius.esteri.it\/lt\/wp-json\/wp\/v2\/pages\/157\/revisions\/1901"}],"up":[{"embeddable":true,"href":"https:\/\/ambvilnius.esteri.it\/lt\/wp-json\/wp\/v2\/pages\/154"}],"wp:attachment":[{"href":"https:\/\/ambvilnius.esteri.it\/lt\/wp-json\/wp\/v2\/media?parent=157"}],"curies":[{"name":"wp","href":"https:\/\/api.w.org\/{rel}","templated":true}]}}